{"id":27,"date":"2021-12-28T15:33:43","date_gmt":"2021-12-28T15:33:43","guid":{"rendered":"https:\/\/gylleneken.se\/wp\/?page_id=27"},"modified":"2025-06-25T10:58:25","modified_gmt":"2025-06-25T08:58:25","slug":"kontakt","status":"publish","type":"page","link":"https:\/\/gylleneken.se\/wp\/kontakt\/","title":{"rendered":"Kontakt"},"content":{"rendered":"\n<p>F\u00f6reningens adress \u00e4r:<\/p>\n\n\n\n<p style=\"line-height:0.3\">Brf Gylleneken<\/p>\n\n\n\n<p style=\"line-height:0.3\">Eklandagatan 38, postbox 1001<\/p>\n\n\n\n<p style=\"line-height:0.3\">412 82 G\u00f6teborg<\/p>\n\n\n\n<p style=\"line-height:1.5\">Fastighetssk\u00f6taren kan n\u00e5s via F\u00f6rvaltaren (se nedan).<\/p>\n\n\n\n<p style=\"line-height:1.5\">Uppt\u00e4cker du skadedjur i huset, eller om du har synpunkter p\u00e5 sn\u00f6r\u00f6jning, istappar, st\u00e4dningen av trapphusen, mm, kontakta kundservice hos F\u00f6rvaltaren.<\/p>\n\n\n\n<p class=\"has-extra-large-font-size\">Styrelse<\/p>\n\n\n\n<p style=\"line-height:1\">vald vid \u00e5rsm\u00f6tet 2025<\/p>\n\n\n\n<p class=\"has-large-font-size\"><strong>Ledam\u00f6ter<\/strong><\/p>\n\n\n\n<p style=\"line-height:0.3\">Hilda Ferm \u2013 ordf\u00f6rande<\/p>\n\n\n\n<p style=\"line-height:0.3\">Gunilla Bj\u00f6rkman \u2013 ledamot<\/p>\n\n\n\n<p style=\"line-height:0.3\">Jens Faskunger \u2013 sekreterare<\/p>\n\n\n\n<p style=\"line-height:0.3\">Erik G\u00f6terling \u2013 ledamot<\/p>\n\n\n\n<p style=\"line-height:0.3\">Lars Johansson \u2013 ekonomiansvarig<\/p>\n\n\n\n<p style=\"line-height:0.3\">Pierre Mort\u00e9nius \u2013 ledamot<\/p>\n\n\n\n<p style=\"line-height:0.3\">Henrik Str\u00f6mberg \u2013 ledamot<\/p>\n\n\n\n<p>Styrelsemedlemmarna kan kontaktas via e-post: <a href=\"mailto:styrelsen@gylleneken.se\">styrelsen@gylleneken.se<\/a><\/p>\n\n\n\n<p class=\"has-extra-large-font-size\">F\u00f6rvaltare<\/p>\n\n\n\n<p>Vi anlitar Opalen fastighetsf\u00f6rvaltnings AB f\u00f6r fastighetssk\u00f6tsel och underh\u00e5ll av byggnaden. Opalen hj\u00e4lper oss \u00e4ven med ekonomisk f\u00f6rvaltning.<\/p>\n\n\n\n<p>Hemsida: <a href=\"http:\/\/www.opalen.se\/\">www.opalen.se<\/a><\/p>\n\n\n\n<p style=\"line-height:0.3\">Opalen FastighetsF\u00f6rvaltning AB<\/p>\n\n\n\n<p style=\"line-height:0.3\">Box 53098<\/p>\n\n\n\n<p style=\"line-height:0.3\">400 14 G\u00f6teborg<\/p>\n\n\n\n<p style=\"line-height:1\">E-post: <a href=\"mailto:info@opalen.se\">info@opalen.se<\/a><\/p>\n\n\n\n<p style=\"line-height:0.3\">Telefon huvudkontoret: 031-7998500<\/p>\n\n\n\n<p class=\"has-large-font-size\" style=\"line-height:2\"><strong>Kundservice \/ Fastighetssk\u00f6taren<\/strong><\/p>\n\n\n\n<p style=\"line-height:1\">E-post: <a href=\"mailto:kundservice@opalen.se\">kundservice@opalen.se<\/a><\/p>\n\n\n\n<p>Telefon: 031-7998550 (9.30\u201311.30)<\/p>\n\n\n\n<p class=\"has-large-font-size\" style=\"line-height:2\"><strong>Omedelbar hj\u00e4lp<\/strong><\/p>\n\n\n\n<p style=\"line-height:1.5\">Vid behov av omedelbar hj\u00e4lp; l\u00e4ckage, \u00f6versv\u00e4mning, v\u00e4rme- eller elavbrott, med mera.<\/p>\n\n\n\n<p>Telefon: 031-7998500<\/p>\n\n\n\n<p>(m\u00e5ndag\u2013fredag 8.30\u201316.00, under juni\u2013augusti p\u00e5 fredagar till 15.00, st\u00e4ngt under semesterveckorna, se hemsida alternativt ring huvudkontoret)<\/p>\n\n\n\n<p>Efter ordinarie arbetstid och under semester, ring SOS 031-3341029.<\/p>\n","protected":false},"excerpt":{"rendered":"<p>F\u00f6reningens adress \u00e4r: Brf Gylleneken Eklandagatan 38, postbox 1001 412 82 G\u00f6teborg Fastighetssk\u00f6taren kan n\u00e5s via F\u00f6rvaltaren (se nedan). Uppt\u00e4cker du skadedjur i huset, eller om du har synpunkter p\u00e5 sn\u00f6r\u00f6jning, istappar, st\u00e4dningen av trapphusen, mm, kontakta kundservice hos F\u00f6rvaltaren. Styrelse vald vid \u00e5rsm\u00f6tet 2025 Ledam\u00f6ter Hilda Ferm \u2013 ordf\u00f6rande Gunilla Bj\u00f6rkman \u2013 ledamot Jens&hellip; <a class=\"more-link\" href=\"https:\/\/gylleneken.se\/wp\/kontakt\/\">Forts\u00e4tt l\u00e4sa <span class=\"screen-reader-text\">Kontakt<\/span><\/a><\/p>\n","protected":false},"author":1,"featured_media":0,"parent":0,"menu_order":0,"comment_status":"closed","ping_status":"closed","template":"","meta":{"footnotes":""},"class_list":["post-27","page","type-page","status-publish","hentry","entry"],"_links":{"self":[{"href":"https:\/\/gylleneken.se\/wp\/wp-json\/wp\/v2\/pages\/27","targetHints":{"allow":["GET"]}}],"collection":[{"href":"https:\/\/gylleneken.se\/wp\/wp-json\/wp\/v2\/pages"}],"about":[{"href":"https:\/\/gylleneken.se\/wp\/wp-json\/wp\/v2\/types\/page"}],"author":[{"embeddable":true,"href":"https:\/\/gylleneken.se\/wp\/wp-json\/wp\/v2\/users\/1"}],"replies":[{"embeddable":true,"href":"https:\/\/gylleneken.se\/wp\/wp-json\/wp\/v2\/comments?post=27"}],"version-history":[{"count":7,"href":"https:\/\/gylleneken.se\/wp\/wp-json\/wp\/v2\/pages\/27\/revisions"}],"predecessor-version":[{"id":260,"href":"https:\/\/gylleneken.se\/wp\/wp-json\/wp\/v2\/pages\/27\/revisions\/260"}],"wp:attachment":[{"href":"https:\/\/gylleneken.se\/wp\/wp-json\/wp\/v2\/media?parent=27"}],"curies":[{"name":"wp","href":"https:\/\/api.w.org\/{rel}","templated":true}]}}