{"id":87,"date":"2021-12-28T18:34:59","date_gmt":"2021-12-28T18:34:59","guid":{"rendered":"https:\/\/gylleneken.se\/wp\/?page_id=87"},"modified":"2024-01-14T14:38:38","modified_gmt":"2024-01-14T13:38:38","slug":"tvattstugan","status":"publish","type":"page","link":"https:\/\/gylleneken.se\/wp\/tvattstugan\/","title":{"rendered":"Tv\u00e4ttstugan"},"content":{"rendered":"\n<figure class=\"wp-block-image size-large\"><img loading=\"lazy\" decoding=\"async\" width=\"1024\" height=\"768\" src=\"https:\/\/gylleneken.se\/wp\/wp-content\/uploads\/2024\/01\/IMG_4250-1024x768.jpg\" alt=\"\" class=\"wp-image-225\" srcset=\"https:\/\/gylleneken.se\/wp\/wp-content\/uploads\/2024\/01\/IMG_4250-1024x768.jpg 1024w, https:\/\/gylleneken.se\/wp\/wp-content\/uploads\/2024\/01\/IMG_4250-300x225.jpg 300w, https:\/\/gylleneken.se\/wp\/wp-content\/uploads\/2024\/01\/IMG_4250-768x576.jpg 768w, https:\/\/gylleneken.se\/wp\/wp-content\/uploads\/2024\/01\/IMG_4250.jpg 1500w\" sizes=\"auto, (max-width: 1024px) 100vw, 1024px\" \/><\/figure>\n\n\n\n<p>Tv\u00e4ttstugan ligger i entr\u00e9plan p\u00e5 Eklandagatan 38 och best\u00e5r av ett mangelrum, ett torkrum samt sj\u00e4lva tv\u00e4ttrummet, d\u00e4r vi har tv\u00e5 tv\u00e4ttmaskiner och en torktumlare.<\/p>\n\n\n\n<p>Varje hush\u00e5ll anv\u00e4nder appen &#8221;Boka Tv\u00e4ttid&#8221; f\u00f6r att boka och hantera sina tv\u00e4ttider. Instruktion om hur man skapar sig en profil i appen f\u00e5r man vid tilltr\u00e4de i f\u00f6reningen. Har man inte en smartphone, eller f\u00f6redrar att inte anv\u00e4nda appen, kan man \u00e4ven boka tid via en surfplatta som sitter upph\u00e4ngd p\u00e5 v\u00e4ggen i tv\u00e4ttstugan.<\/p>\n\n\n\n<p>Tv\u00e4ttar man i egen tv\u00e4ttmaskin, g\u00f6r man det under samma tider som tv\u00e4ttstugan \u00e4r tillg\u00e4nglig (kl 8:00 \u2013 kl 22:00).<\/p>\n\n\n\n<p class=\"has-extra-large-font-size\">Tv\u00e4ttider<\/p>\n\n\n\n<p>Vi har sju bokningsbara tider om tv\u00e5 timmar per dag, med start klockan 8, 10, 12, 14, 16, 18 och 20. Det g\u00e5r max att boka tv\u00e5 tider i taget.<\/p>\n\n\n\n<p class=\"has-extra-large-font-size\">Torkrummet\u00a0och torktumlaren<\/p>\n\n\n\n<p>f\u00e5r utnyttjas 45 minuter efter tv\u00e4ttidens slut.<\/p>\n\n\n\n<p>F\u00f6r allas trevnad, st\u00e4da efter dig. Torka av tv\u00e4ttmaskinerna, reng\u00f6r luddfiltret i torktumlaren, dammsug och v\u00e5ttorka golvet.<\/p>\n","protected":false},"excerpt":{"rendered":"<p>Tv\u00e4ttstugan ligger i entr\u00e9plan p\u00e5 Eklandagatan 38 och best\u00e5r av ett mangelrum, ett torkrum samt sj\u00e4lva tv\u00e4ttrummet, d\u00e4r vi har tv\u00e5 tv\u00e4ttmaskiner och en torktumlare. Varje hush\u00e5ll anv\u00e4nder appen &#8221;Boka Tv\u00e4ttid&#8221; f\u00f6r att boka och hantera sina tv\u00e4ttider. Instruktion om hur man skapar sig en profil i appen f\u00e5r man vid tilltr\u00e4de i f\u00f6reningen. Har&hellip; <a class=\"more-link\" href=\"https:\/\/gylleneken.se\/wp\/tvattstugan\/\">Forts\u00e4tt l\u00e4sa <span class=\"screen-reader-text\">Tv\u00e4ttstugan<\/span><\/a><\/p>\n","protected":false},"author":1,"featured_media":0,"parent":0,"menu_order":0,"comment_status":"closed","ping_status":"closed","template":"","meta":{"footnotes":""},"class_list":["post-87","page","type-page","status-publish","hentry","entry"],"_links":{"self":[{"href":"https:\/\/gylleneken.se\/wp\/wp-json\/wp\/v2\/pages\/87","targetHints":{"allow":["GET"]}}],"collection":[{"href":"https:\/\/gylleneken.se\/wp\/wp-json\/wp\/v2\/pages"}],"about":[{"href":"https:\/\/gylleneken.se\/wp\/wp-json\/wp\/v2\/types\/page"}],"author":[{"embeddable":true,"href":"https:\/\/gylleneken.se\/wp\/wp-json\/wp\/v2\/users\/1"}],"replies":[{"embeddable":true,"href":"https:\/\/gylleneken.se\/wp\/wp-json\/wp\/v2\/comments?post=87"}],"version-history":[{"count":3,"href":"https:\/\/gylleneken.se\/wp\/wp-json\/wp\/v2\/pages\/87\/revisions"}],"predecessor-version":[{"id":293,"href":"https:\/\/gylleneken.se\/wp\/wp-json\/wp\/v2\/pages\/87\/revisions\/293"}],"wp:attachment":[{"href":"https:\/\/gylleneken.se\/wp\/wp-json\/wp\/v2\/media?parent=87"}],"curies":[{"name":"wp","href":"https:\/\/api.w.org\/{rel}","templated":true}]}}